{"id":2,"date":"2015-12-09T03:33:20","date_gmt":"2015-12-09T02:33:20","guid":{"rendered":"http:\/\/wp44m.a10-52-158-154.qa.plesk.ru\/wordpress\/?page_id=2"},"modified":"2016-03-04T21:42:27","modified_gmt":"2016-03-04T20:42:27","slug":"sample-page","status":"publish","type":"page","link":"https:\/\/bgr-ab-mil.de\/?page_id=2","title":{"rendered":"\u00fcber uns"},"content":{"rendered":"<p><strong>B\u00fcndnis gegen Rechts Aschaffenburg-Miltenberg (BgR AB-MIL)<\/strong><\/p>\n<p>\u201e<em>Zuviel an Not und Tod, an KZ-Qualen, an Verw\u00fcstung und Vernichtung, an millionenfachen Mord hat der Faschismus gebracht, sodass es nichts Wichtigeres geben kann, als Aufstehen gegen jede Erscheinung von Rassismus, Antisemitismus, Ausl\u00e4nderfeindlichkeit, Neofaschismus, Militarismus.<\/em>\u201c<\/p>\n<p>Diese mahnenden Worte des europaweit bekannten und mit der Carl-von-Ossietzky-Medaille ausgezeichneten Resistance-K\u00e4mpfers Peter Gingold als Kind j\u00fcdischer Eltern in Aschaffenburg geboren, haben nichts an ihrer Aktualit\u00e4t verloren.<br \/>\nIn diesem Sinne arbeitet das B\u00fcndnis gegen Rechts seit 1989 regional zu einschl\u00e4gigen Themen und ist gegen rechte Erscheinungen aktiv.<\/p>\n<p><strong>Unsere zentralen Arbeitsfelder sin<\/strong>d:<\/p>\n<ol>\n<li>rechte Strukturen zu beobachten und \u00f6ffentlich zu machen;<\/li>\n<li>zivilgesellschaftlich engagierte Initiativen, Parteien und B\u00fcrger_innen anzusprechen, aufzukl\u00e4ren und zu mobilisieren, um effektiven Protest gegen Neonazis, Rassismus und Rechtspopulismus zu erm\u00f6glichen;<\/li>\n<li>eine Gedenk- und Erinnerungskultur zu pflegen, um das Wissen um die Verbrechen des Nationalsozialismus in Erinnerung zu halten und die Lehren daraus zu ziehen.<\/li>\n<\/ol>\n<p><strong>Die inhaltlichen Eckpfeiler unserer Arbeit sind:<\/strong><\/p>\n<ul>\n<li>der Schwur von Buchenwald:<br \/>\n<em>\u201eDie Vernichtung des Nazismus mit seinen Wurzeln ist unsere Losung. Der Aufbau einer neuen Welt des Friedens und der Freiheit ist unser Ziel.\u201c<\/em><\/li>\n<li>und der Appell Max Horkheimers:<br \/>\n<em>\u201eWer aber vom Kapitalismus nicht reden will, sollte auch vom Faschismus schweigen.\u201c<\/em><\/li>\n<\/ul>\n<p>Vor dem Hintergrund dieses kausalen Zusammenhangs versteht sich das BgR auch als B\u00fcndnis gegen kapitalistische Ausbeutung und Ausgrenzung, ebenso gegen jede Form Gruppenbezogener Menschenfeindlichkeit (GMF-Survey 2002-2012) und alle anderen Formen von Unterdr\u00fcckung, Entrechtung und Diskriminierung.<\/p>\n<p><strong>Gemeinsam gegen Rechts:<\/strong><br \/>\nDie am BgR Beteiligten arbeiten \u00fcber weltanschauliche Differenzen hinweg zusammen, auch mit anderen B\u00fcndnissen, mit denen der inhaltliche Konsens auf eine Aktion oder Kampagne beschr\u00e4nkt bleibt.<br \/>\nGemeinsam mit anderen wollen wir daran arbeiten, die gesellschaftlichen Verh\u00e4ltnisse nachhaltig so zu ver\u00e4ndern, dass menschenverachtende Ideologien nicht mehr wachsen k\u00f6nnen.<br \/>\nWir verstehen uns dabei solidarisch mit allen, die sich aktiv im Kampf gegen Rechts engagieren.<\/p>\n","protected":false},"excerpt":{"rendered":"<p>B\u00fcndnis gegen Rechts Aschaffenburg-Miltenberg (BgR AB-MIL) \u201eZuviel an Not und Tod, an KZ-Qualen, an Verw\u00fcstung und Vernichtung, an millionenfachen Mord hat der Faschismus gebracht, sodass es nichts Wichtigeres geben kann, als Aufstehen gegen jede Erscheinung von Rassismus, Antisemitismus, Ausl\u00e4nderfeindlichkeit, Neofaschismus, Militarismus.\u201c Diese mahnenden Worte des europaweit bekannten und mit der Carl-von-Ossietzky-Medaille ausgezeichneten Resistance-K\u00e4mpfers Peter Gingold<\/p><\/div>\n<div class=\"blog-btn\"><a href=\"https:\/\/bgr-ab-mil.de\/?page_id=2\" class=\"home-blog-btn\">Weiterlesen<\/a><\/p>\n","protected":false},"author":2,"featured_media":0,"parent":0,"menu_order":0,"comment_status":"closed","ping_status":"closed","template":"","meta":{"footnotes":""},"class_list":["post-2","page","type-page","status-publish","hentry"],"_links":{"self":[{"href":"https:\/\/bgr-ab-mil.de\/index.php?rest_route=\/wp\/v2\/pages\/2","targetHints":{"allow":["GET"]}}],"collection":[{"href":"https:\/\/bgr-ab-mil.de\/index.php?rest_route=\/wp\/v2\/pages"}],"about":[{"href":"https:\/\/bgr-ab-mil.de\/index.php?rest_route=\/wp\/v2\/types\/page"}],"author":[{"embeddable":true,"href":"https:\/\/bgr-ab-mil.de\/index.php?rest_route=\/wp\/v2\/users\/2"}],"replies":[{"embeddable":true,"href":"https:\/\/bgr-ab-mil.de\/index.php?rest_route=%2Fwp%2Fv2%2Fcomments&post=2"}],"version-history":[{"count":7,"href":"https:\/\/bgr-ab-mil.de\/index.php?rest_route=\/wp\/v2\/pages\/2\/revisions"}],"predecessor-version":[{"id":142,"href":"https:\/\/bgr-ab-mil.de\/index.php?rest_route=\/wp\/v2\/pages\/2\/revisions\/142"}],"wp:attachment":[{"href":"https:\/\/bgr-ab-mil.de\/index.php?rest_route=%2Fwp%2Fv2%2Fmedia&parent=2"}],"curies":[{"name":"wp","href":"https:\/\/api.w.org\/{rel}","templated":true}]}}